{"id":7023,"date":"2019-09-12T07:59:16","date_gmt":"2019-09-12T07:59:16","guid":{"rendered":"https:\/\/www.vincon.com\/exposiciones-la-sala-vincon\/"},"modified":"2019-12-21T19:21:39","modified_gmt":"2019-12-21T19:21:39","slug":"exposicions-a-la-sala-vincon","status":"publish","type":"page","link":"https:\/\/www.vincon.com\/ca\/exposicions-a-la-sala-vincon\/","title":{"rendered":"Exposicions La Sala Vin\u00e7on"},"content":{"rendered":"<p><div class=\"fusion-fullwidth fullwidth-box fusion-builder-row-1 nonhundred-percent-fullwidth non-hundred-percent-height-scrolling\" style=\"background-color: #ffffff;background-position: left top;background-repeat: no-repeat;padding-top:0px;padding-right:0px;padding-bottom:0px;padding-left:0px;margin-bottom: 0px;margin-top: 0px;border-width: 0px 0px 0px 0px;border-color:#eae9e9;border-style:solid;\" ><div class=\"fusion-builder-row fusion-row\"><div class=\"fusion-layout-column fusion_builder_column fusion-builder-column-0 fusion_builder_column_1_1 1_1 fusion-one-full fusion-column-first fusion-column-last fusion-column-no-min-height\" style=\"margin-top:0px;margin-bottom:0px;\"><div class=\"fusion-column-wrapper fusion-flex-column-wrapper-legacy\" style=\"background-position:left top;background-repeat:no-repeat;-webkit-background-size:cover;-moz-background-size:cover;-o-background-size:cover;background-size:cover;padding: 0px 0px 0px 0px;\"><style type=\"text\/css\"><\/style><div class=\"fusion-title title fusion-title-1 fusion-sep-none fusion-title-text fusion-title-size-one\" style=\"margin-top:60px;margin-right:0px;margin-bottom:30px;margin-left:0px;\"><h1 class=\"title-heading-left fusion-responsive-typography-calculated\" style=\"margin:0;color:#333333;--fontSize:24;line-height:1;\"><h1 style=\"text-align: left;\">EXPOSICIONS A LA SALA VIN\u00c7ON<\/h1><\/h1><\/div><div class=\"fusion-clearfix\"><\/div><\/div><\/div><\/div><\/div><div class=\"fusion-fullwidth fullwidth-box fusion-builder-row-2 nonhundred-percent-fullwidth non-hundred-percent-height-scrolling\" style=\"background-color: #ffffff;background-position: left top;background-repeat: no-repeat;padding-top:0px;padding-right:0px;padding-bottom:0px;padding-left:0px;margin-bottom: 0px;margin-top: 0px;border-width: 0px 0px 0px 0px;border-color:#eae9e9;border-style:solid;\" ><div class=\"fusion-builder-row fusion-row\"><div class=\"fusion-layout-column fusion_builder_column fusion-builder-column-1 fusion_builder_column_1_3 1_3 fusion-one-third fusion-column-first fusion-column-no-min-height\" style=\"width:30.6666%; margin-right: 4%;margin-top:0px;margin-bottom:0px;\"><div class=\"fusion-column-wrapper fusion-flex-column-wrapper-legacy\" style=\"background-position:left top;background-repeat:no-repeat;-webkit-background-size:cover;-moz-background-size:cover;-o-background-size:cover;background-size:cover;padding: 0px 0px 0px 0px;\"><span class=\" fusion-imageframe imageframe-none imageframe-1 hover-type-none\"><img decoding=\"async\" width=\"1800\" height=\"1200\" title=\"La Sala 1945\" src=\"https:\/\/www.vincon.com\/wp-content\/uploads\/2019\/09\/1945-A.jpg\" alt class=\"img-responsive wp-image-7024\" srcset=\"https:\/\/www.vincon.com\/wp-content\/uploads\/2019\/09\/1945-A-200x133.jpg 200w, https:\/\/www.vincon.com\/wp-content\/uploads\/2019\/09\/1945-A-400x267.jpg 400w, https:\/\/www.vincon.com\/wp-content\/uploads\/2019\/09\/1945-A-600x400.jpg 600w, https:\/\/www.vincon.com\/wp-content\/uploads\/2019\/09\/1945-A-800x533.jpg 800w, https:\/\/www.vincon.com\/wp-content\/uploads\/2019\/09\/1945-A-1200x800.jpg 1200w, https:\/\/www.vincon.com\/wp-content\/uploads\/2019\/09\/1945-A.jpg 1800w\" sizes=\"(max-width: 800px) 100vw, 400px\" \/><\/span><div class=\"fusion-clearfix\"><\/div><\/div><\/div><div class=\"fusion-layout-column fusion_builder_column fusion-builder-column-2 fusion_builder_column_1_3 1_3 fusion-one-third fusion-column-no-min-height\" style=\"width:30.6666%; margin-right: 4%;margin-top:0px;margin-bottom:0px;\"><div class=\"fusion-column-wrapper fusion-flex-column-wrapper-legacy\" style=\"background-position:left top;background-repeat:no-repeat;-webkit-background-size:cover;-moz-background-size:cover;-o-background-size:cover;background-size:cover;padding: 0px 0px 0px 0px;\"><span class=\" fusion-imageframe imageframe-none imageframe-2 hover-type-none\"><img decoding=\"async\" width=\"1401\" height=\"934\" title=\"La Sala 1945\" src=\"https:\/\/www.vincon.com\/wp-content\/uploads\/2019\/09\/1945-B.jpg\" alt class=\"img-responsive wp-image-8124\" srcset=\"https:\/\/www.vincon.com\/wp-content\/uploads\/2019\/09\/1945-B-200x133.jpg 200w, https:\/\/www.vincon.com\/wp-content\/uploads\/2019\/09\/1945-B-400x267.jpg 400w, https:\/\/www.vincon.com\/wp-content\/uploads\/2019\/09\/1945-B-600x400.jpg 600w, https:\/\/www.vincon.com\/wp-content\/uploads\/2019\/09\/1945-B-800x533.jpg 800w, https:\/\/www.vincon.com\/wp-content\/uploads\/2019\/09\/1945-B-1200x800.jpg 1200w, https:\/\/www.vincon.com\/wp-content\/uploads\/2019\/09\/1945-B.jpg 1401w\" sizes=\"(max-width: 800px) 100vw, 400px\" \/><\/span><div class=\"fusion-clearfix\"><\/div><\/div><\/div><div class=\"fusion-layout-column fusion_builder_column fusion-builder-column-3 fusion_builder_column_1_3 1_3 fusion-one-third fusion-column-last fusion-column-no-min-height\" style=\"width:30.6666%;margin-top:0px;margin-bottom:0px;\"><div class=\"fusion-column-wrapper fusion-flex-column-wrapper-legacy\" style=\"background-position:left top;background-repeat:no-repeat;-webkit-background-size:cover;-moz-background-size:cover;-o-background-size:cover;background-size:cover;padding: 0px 0px 0px 0px;\"><span class=\" fusion-imageframe imageframe-none imageframe-3 hover-type-none\"><img decoding=\"async\" width=\"1503\" height=\"1002\" title=\"La Sala 1945\" src=\"https:\/\/www.vincon.com\/wp-content\/uploads\/2019\/09\/1945-C.jpg\" alt class=\"img-responsive wp-image-8125\" srcset=\"https:\/\/www.vincon.com\/wp-content\/uploads\/2019\/09\/1945-C-200x133.jpg 200w, https:\/\/www.vincon.com\/wp-content\/uploads\/2019\/09\/1945-C-400x267.jpg 400w, https:\/\/www.vincon.com\/wp-content\/uploads\/2019\/09\/1945-C-600x400.jpg 600w, https:\/\/www.vincon.com\/wp-content\/uploads\/2019\/09\/1945-C-800x533.jpg 800w, https:\/\/www.vincon.com\/wp-content\/uploads\/2019\/09\/1945-C-1200x800.jpg 1200w, https:\/\/www.vincon.com\/wp-content\/uploads\/2019\/09\/1945-C.jpg 1503w\" sizes=\"(max-width: 800px) 100vw, 400px\" \/><\/span><div class=\"fusion-clearfix\"><\/div><\/div><\/div><\/div><\/div><div class=\"fusion-fullwidth fullwidth-box fusion-builder-row-3 nonhundred-percent-fullwidth non-hundred-percent-height-scrolling\" style=\"background-color: #ffffff;background-position: left top;background-repeat: no-repeat;padding-top:0px;padding-right:0px;padding-bottom:0px;padding-left:0px;margin-bottom: 0px;margin-top: 0px;border-width: 0px 0px 0px 0px;border-color:#eae9e9;border-style:solid;\" ><div class=\"fusion-builder-row fusion-row\"><div class=\"fusion-layout-column fusion_builder_column fusion-builder-column-4 fusion_builder_column_1_1 1_1 fusion-one-full fusion-column-first fusion-column-last fusion-column-no-min-height\" style=\"margin-top:0px;margin-bottom:0px;\"><div class=\"fusion-column-wrapper fusion-flex-column-wrapper-legacy\" style=\"background-position:left top;background-repeat:no-repeat;-webkit-background-size:cover;-moz-background-size:cover;-o-background-size:cover;background-size:cover;padding: 0px 0px 0px 0px;\"><div class=\"fusion-sep-clear\"><\/div><div class=\"fusion-separator fusion-full-width-sep\" style=\"margin-left: auto;margin-right: auto;margin-top:40px;width:100%;\"><\/div><div class=\"fusion-sep-clear\"><\/div><div class=\"fusion-text fusion-text-1\"><p>A continuaci\u00f3 trobar\u00e0 les m\u00e9s de 300 exposicions realitzades a la Sala Vin\u00e7on.<\/p>\n<p>Les exposicions estan ordenades des de la primera, realitzada el 1973, fins l&#8217;\u00faltima, realitzada el 2015.<\/p>\n<p>Tamb\u00e9 pot dirigir-se a la <a href=\"https:\/\/www.vincon.com\/ca\/artistes-a-la-sala-vincon\/\">zona d&#8217;artistes<\/a> que han exposat a la sala d&#8217;exposicions durant els 42 anys d&#8217;esdeveniments.<\/p>\n<\/div><div class=\"fusion-sep-clear\"><\/div><div class=\"fusion-separator fusion-full-width-sep\" style=\"margin-left: auto;margin-right: auto;margin-top:40px;width:100%;\"><\/div><div class=\"fusion-sep-clear\"><\/div><div class=\"fusion-clearfix\"><\/div><\/div><\/div><\/div><\/div><div class=\"fusion-fullwidth fullwidth-box fusion-builder-row-4 nonhundred-percent-fullwidth non-hundred-percent-height-scrolling\" style=\"background-color: #ffffff;background-position: left top;background-repeat: no-repeat;padding-top:0px;padding-right:0px;padding-bottom:0px;padding-left:0px;margin-bottom: 0px;margin-top: 0px;border-width: 0px 0px 0px 0px;border-color:#eae9e9;border-style:solid;\" ><div class=\"fusion-builder-row fusion-row\"><div class=\"fusion-layout-column fusion_builder_column fusion-builder-column-5 fusion_builder_column_1_1 1_1 fusion-one-full fusion-column-first fusion-column-last fusion-column-no-min-height\" style=\"margin-top:0px;margin-bottom:0px;\"><div class=\"fusion-column-wrapper fusion-flex-column-wrapper-legacy\" style=\"background-position:left top;background-repeat:no-repeat;-webkit-background-size:cover;-moz-background-size:cover;-o-background-size:cover;background-size:cover;padding: 0px 0px 0px 0px;\"><div class=\"fusion-clearfix\"><\/div><\/div><\/div><\/div><\/div><\/p>\n","protected":false},"excerpt":{"rendered":"","protected":false},"author":1,"featured_media":0,"parent":0,"menu_order":0,"comment_status":"closed","ping_status":"closed","template":"","meta":{"footnotes":""},"class_list":["post-7023","page","type-page","status-publish","hentry"],"yoast_head":"<!-- This site is optimized with the Yoast SEO plugin v27.5 - https:\/\/yoast.com\/product\/yoast-seo-wordpress\/ -->\n<title>Exposicions La Sala Vin\u00e7on - VIN\u00c7ON<\/title>\n<meta name=\"robots\" content=\"index, follow, max-snippet:-1, max-image-preview:large, max-video-preview:-1\" \/>\n<link rel=\"canonical\" href=\"https:\/\/www.vincon.com\/ca\/exposicions-a-la-sala-vincon\/\" \/>\n<meta property=\"og:locale\" content=\"ca_ES\" \/>\n<meta property=\"og:type\" content=\"article\" \/>\n<meta property=\"og:title\" content=\"Exposicions La Sala Vin\u00e7on - VIN\u00c7ON\" \/>\n<meta property=\"og:url\" content=\"https:\/\/www.vincon.com\/ca\/exposicions-a-la-sala-vincon\/\" \/>\n<meta property=\"og:site_name\" content=\"VIN\u00c7ON\" \/>\n<meta property=\"article:modified_time\" content=\"2019-12-21T19:21:39+00:00\" \/>\n<meta name=\"twitter:card\" content=\"summary_large_image\" \/>\n<meta name=\"twitter:label1\" content=\"Temps estimat de lectura\" \/>\n\t<meta name=\"twitter:data1\" content=\"7 minuts\" \/>\n<script type=\"application\/ld+json\" class=\"yoast-schema-graph\">{\"@context\":\"https:\\\/\\\/schema.org\",\"@graph\":[{\"@type\":\"WebPage\",\"@id\":\"https:\\\/\\\/www.vincon.com\\\/ca\\\/exposicions-a-la-sala-vincon\\\/\",\"url\":\"https:\\\/\\\/www.vincon.com\\\/ca\\\/exposicions-a-la-sala-vincon\\\/\",\"name\":\"Exposicions La Sala Vin\u00e7on - VIN\u00c7ON\",\"isPartOf\":{\"@id\":\"https:\\\/\\\/www.vincon.com\\\/#website\"},\"datePublished\":\"2019-09-12T07:59:16+00:00\",\"dateModified\":\"2019-12-21T19:21:39+00:00\",\"breadcrumb\":{\"@id\":\"https:\\\/\\\/www.vincon.com\\\/ca\\\/exposicions-a-la-sala-vincon\\\/#breadcrumb\"},\"inLanguage\":\"ca\",\"potentialAction\":[{\"@type\":\"ReadAction\",\"target\":[\"https:\\\/\\\/www.vincon.com\\\/ca\\\/exposicions-a-la-sala-vincon\\\/\"]}]},{\"@type\":\"BreadcrumbList\",\"@id\":\"https:\\\/\\\/www.vincon.com\\\/ca\\\/exposicions-a-la-sala-vincon\\\/#breadcrumb\",\"itemListElement\":[{\"@type\":\"ListItem\",\"position\":1,\"name\":\"Portada\",\"item\":\"https:\\\/\\\/www.vincon.com\\\/ca\\\/\"},{\"@type\":\"ListItem\",\"position\":2,\"name\":\"Exposicions La Sala Vin\u00e7on\"}]},{\"@type\":\"WebSite\",\"@id\":\"https:\\\/\\\/www.vincon.com\\\/#website\",\"url\":\"https:\\\/\\\/www.vincon.com\\\/\",\"name\":\"VIN\u00c7ON\",\"description\":\"1929 - 2015\",\"potentialAction\":[{\"@type\":\"SearchAction\",\"target\":{\"@type\":\"EntryPoint\",\"urlTemplate\":\"https:\\\/\\\/www.vincon.com\\\/?s={search_term_string}\"},\"query-input\":{\"@type\":\"PropertyValueSpecification\",\"valueRequired\":true,\"valueName\":\"search_term_string\"}}],\"inLanguage\":\"ca\"}]}<\/script>\n<!-- \/ Yoast SEO plugin. -->","yoast_head_json":{"title":"Exposicions La Sala Vin\u00e7on - VIN\u00c7ON","robots":{"index":"index","follow":"follow","max-snippet":"max-snippet:-1","max-image-preview":"max-image-preview:large","max-video-preview":"max-video-preview:-1"},"canonical":"https:\/\/www.vincon.com\/ca\/exposicions-a-la-sala-vincon\/","og_locale":"ca_ES","og_type":"article","og_title":"Exposicions La Sala Vin\u00e7on - VIN\u00c7ON","og_url":"https:\/\/www.vincon.com\/ca\/exposicions-a-la-sala-vincon\/","og_site_name":"VIN\u00c7ON","article_modified_time":"2019-12-21T19:21:39+00:00","twitter_card":"summary_large_image","twitter_misc":{"Temps estimat de lectura":"7 minuts"},"schema":{"@context":"https:\/\/schema.org","@graph":[{"@type":"WebPage","@id":"https:\/\/www.vincon.com\/ca\/exposicions-a-la-sala-vincon\/","url":"https:\/\/www.vincon.com\/ca\/exposicions-a-la-sala-vincon\/","name":"Exposicions La Sala Vin\u00e7on - VIN\u00c7ON","isPartOf":{"@id":"https:\/\/www.vincon.com\/#website"},"datePublished":"2019-09-12T07:59:16+00:00","dateModified":"2019-12-21T19:21:39+00:00","breadcrumb":{"@id":"https:\/\/www.vincon.com\/ca\/exposicions-a-la-sala-vincon\/#breadcrumb"},"inLanguage":"ca","potentialAction":[{"@type":"ReadAction","target":["https:\/\/www.vincon.com\/ca\/exposicions-a-la-sala-vincon\/"]}]},{"@type":"BreadcrumbList","@id":"https:\/\/www.vincon.com\/ca\/exposicions-a-la-sala-vincon\/#breadcrumb","itemListElement":[{"@type":"ListItem","position":1,"name":"Portada","item":"https:\/\/www.vincon.com\/ca\/"},{"@type":"ListItem","position":2,"name":"Exposicions La Sala Vin\u00e7on"}]},{"@type":"WebSite","@id":"https:\/\/www.vincon.com\/#website","url":"https:\/\/www.vincon.com\/","name":"VIN\u00c7ON","description":"1929 - 2015","potentialAction":[{"@type":"SearchAction","target":{"@type":"EntryPoint","urlTemplate":"https:\/\/www.vincon.com\/?s={search_term_string}"},"query-input":{"@type":"PropertyValueSpecification","valueRequired":true,"valueName":"search_term_string"}}],"inLanguage":"ca"}]}},"_links":{"self":[{"href":"https:\/\/www.vincon.com\/ca\/wp-json\/wp\/v2\/pages\/7023","targetHints":{"allow":["GET"]}}],"collection":[{"href":"https:\/\/www.vincon.com\/ca\/wp-json\/wp\/v2\/pages"}],"about":[{"href":"https:\/\/www.vincon.com\/ca\/wp-json\/wp\/v2\/types\/page"}],"author":[{"embeddable":true,"href":"https:\/\/www.vincon.com\/ca\/wp-json\/wp\/v2\/users\/1"}],"replies":[{"embeddable":true,"href":"https:\/\/www.vincon.com\/ca\/wp-json\/wp\/v2\/comments?post=7023"}],"version-history":[{"count":3,"href":"https:\/\/www.vincon.com\/ca\/wp-json\/wp\/v2\/pages\/7023\/revisions"}],"predecessor-version":[{"id":8122,"href":"https:\/\/www.vincon.com\/ca\/wp-json\/wp\/v2\/pages\/7023\/revisions\/8122"}],"wp:attachment":[{"href":"https:\/\/www.vincon.com\/ca\/wp-json\/wp\/v2\/media?parent=7023"}],"curies":[{"name":"wp","href":"https:\/\/api.w.org\/{rel}","templated":true}]}}